{"id":16829,"date":"2026-09-04T14:55:16","date_gmt":"2026-09-04T12:55:16","guid":{"rendered":"https:\/\/www.maicschulte.de\/wordpress\/?page_id=16829"},"modified":"2026-09-04T15:24:45","modified_gmt":"2026-09-04T13:24:45","slug":"kuenstliche-intelligenz","status":"publish","type":"page","link":"https:\/\/www.maicschulte.de\/wordpress\/?page_id=16829","title":{"rendered":"K\u00fcnstliche Intelligenz"},"content":{"rendered":"\n<p class=\"wp-block-paragraph\">Dies ist ein Trans\u00adpa\u00adrenz-Hin\u00adweis in eige\u00adner Sache, bez\u00fcg\u00adlich der Bild\u00adbe\u00adar\u00adbei\u00adtung, den Texten auf dieser Seite und der Ver\u00adwen\u00addung von K\u00fcnst\u00adli\u00adcher Intelligenz.<\/p>\n\n\n\n<p class=\"wp-block-paragraph\">Immer mehr Soft\u00adware zur Foto\u00adbe\u00adar\u00adbei\u00adtung inte\u00adgriert Funk\u00adtio\u00adnen, die auf K\u00fcnst\u00adli\u00adcher Intel\u00adli\u00adgenz basie\u00adren. Damit du als Betrach\u00adter meiner Bilder genau wei\u00dft, woran du bist, m\u00f6chte ich hier offen dar\u00adle\u00adgen, wie ich mit diesem Thema umgehe.<\/p>\n\n\n\n<p class=\"has-medium-font-size wp-block-paragraph\"><strong>Was ich einsetze:<\/strong><\/p>\n\n\n\n<p class=\"wp-block-paragraph\">In meinem Bear\u00adbei\u00adtungs\u00adwork\u00adflow nutze ich KI-gest\u00fctz\u00adte Funk\u00adtio\u00adnen, die inzwi\u00adschen untrenn\u00adbar Teil pro\u00adfes\u00adsio\u00adnel\u00adler Bild\u00adbe\u00adar\u00adbei\u00adtungs\u00adsoft\u00adware wie Adobe Ligh\u00adt\u00adroom, Pho\u00adto\u00adshop oder Topaz Photo&nbsp;sind.<\/p>\n\n\n\n<p class=\"wp-block-paragraph\">Dazu z\u00e4hlen zum Beispiel:<\/p>\n\n\n\n<ul class=\"wp-block-list\">\n<li>Intel\u00adli\u00adgen\u00adte Rausch\u00adre\u00addu\u00adzie\u00adrung (Denoi\u00adse), die beson\u00adders bei High-ISO-Auf\u00adnah\u00admen&nbsp;hilft<\/li>\n\n\n\n<li>KI-gest\u00fctz\u00adte Mas\u00adkie\u00adrungs\u00adwerk\u00adzeu\u00adge, etwa zur auto\u00adma\u00adti\u00adschen Erken\u00adnung von Himmel, Per\u00adso\u00adnen oder Objek\u00adten als Aus\u00adgangs\u00adpunkt f\u00fcr geziel\u00adte lokale Anpassungen<\/li>\n\n\n\n<li>Auto\u00adma\u00adti\u00adsche Objekt\u00ader\u00adken\u00adnung zur Erleich\u00adte\u00adrung von Auswahlprozessen<\/li>\n<\/ul>\n\n\n\n<p class=\"wp-block-paragraph\">Diese Funk\u00adtio\u00adnen erset\u00adzen im Grunde nur m\u00fch\u00adsa\u00adme manu\u00adel\u00adle Arbeits\u00adschrit\u00adte, die fr\u00fcher per Hand mit Pinsel- oder Ver\u00adlaufs\u00adwerk\u00adzeu\u00adgen erle\u00addigt wurden. Sie ver\u00ad\u00e4n\u00addern nicht den Bild\u00adin\u00adhalt, son\u00addern erleich\u00adtern ledig\u00adlich, <em>wo<\/em> und <em>wie<\/em> ich klas\u00adsi\u00adsche Anpas\u00adsun\u00adgen wie Belich\u00adtung, Kon\u00adtrast oder Sch\u00e4r\u00adfe vornehme.<\/p>\n\n\n\n<p class=\"has-medium-font-size wp-block-paragraph\"><strong>Was ich nicht einsetze:<\/strong><\/p>\n\n\n\n<p class=\"wp-block-paragraph\">Ich ver\u00adwen\u00adde keine gene\u00adra\u00adti\u00adve KI,&nbsp;um:<\/p>\n\n\n\n<ul class=\"wp-block-list\">\n<li>Bild\u00adin\u00adhal\u00adte hin\u00adzu\u00adzu\u00adf\u00fc\u00adgen, die nicht Teil der urspr\u00fcng\u00adli\u00adchen Auf\u00adnah\u00adme&nbsp;waren<\/li>\n\n\n\n<li>Objek\u00adte, Per\u00adso\u00adnen oder Land\u00adschafts\u00adele\u00admen\u00adte k\u00fcnst\u00adlich zu erzeu\u00adgen oder auszutauschen<\/li>\n\n\n\n<li>voll\u00adst\u00e4n\u00addi\u00adge Bilder kom\u00adplett per KI gene\u00adrie\u00adren zu lassen<\/li>\n\n\n\n<li>Texte f\u00fcr meine Arti\u00adkel erzeu\u00adgen zu lassen<\/li>\n<\/ul>\n\n\n\n<p class=\"has-medium-font-size wp-block-paragraph\"><strong>Mein Anspruch:<\/strong><\/p>\n\n\n\n<p class=\"wp-block-paragraph\">Jedes Bild, das du auf dieser Web\u00adsei\u00adte siehst, zeigt eine Szene, die ich tat\u00ads\u00e4ch\u00adlich mit meiner Kamera foto\u00adgra\u00adfiert habe. Die Nach\u00adbe\u00adar\u00adbei\u00adtung folgt den\u00adsel\u00adben Grund\u00ads\u00e4t\u00adzen, die schon vor dem Auf\u00adkom\u00admen KI-gest\u00fctz\u00adter Werk\u00adzeu\u00adge galten: Opti\u00admie\u00adrung von Licht, Farbe und Kon\u00adtrast \u2013 nicht Erschaf\u00adfung neuer Bildrealit\u00e4ten.<\/p>\n\n\n\n<p class=\"wp-block-paragraph\">Jeden Text, den du auf dieser Web\u00adsei\u00adte liest, habe ich selbst ver\u00adfasst und h\u00f6chs\u00adtens in Aus\u00adz\u00fc\u00adgen aus ande\u00adren Quel\u00adlen kopiert. Diese Zitate werden dann aber stets gut kennt\u00adlich gemacht. KI kommt hier h\u00f6chs\u00adten bei der Recht\u00adschreib\u00adkor\u00adrek\u00adtur zum Ein\u00adsatz, wobei ich mir auch hier keine kom\u00adplet\u00adten For\u00admu\u00adlie\u00adrun\u00adgen von der KI vor\u00adschla\u00adgen&nbsp;lasse.<\/p>\n\n\n\n<p class=\"wp-block-paragraph\">Soll\u00adtest du Fragen zur Ent\u00adste\u00adhung eines bestimm\u00adten Bildes oder eines bestimm\u00adten Textes haben, melde dich gerne jeder\u00adzeit bei mir. Und den ganz Ungl\u00e4u\u00adbi\u00adgen zeige ich auch stets gerne eine RAW-Datei von meinen fer\u00adti\u00adgen Motiven&nbsp;;-)<\/p>\n\n\n\n<p class=\"wp-block-paragraph\"><\/p>\n","protected":false},"excerpt":{"rendered":"<p>Dies ist ein Tran\u00ads\u00ad\u00adpa\u00ad\u00adrenz-Hin\u00ad\u00adweis in eige\u00adner Sache, bez\u00fcg\u00adlich der Bild\u00adbe\u00adar\u00adbei\u00adtung, den Texten auf dieser Seite und der Ver\u00adwen\u00addung von K\u00fcnst\u00adli\u00adcher Intel\u00adli\u00adgenz. Immer mehr Soft\u00adware zur Foto\u00adbe\u00adar\u00adbei\u00adtung inte\u00adgriert Funk\u00adtio\u00adnen, die auf K\u00fcnst\u00adli\u00adcher Intel\u00adli\u00adgenz basie\u00adren. Damit du als Betrach\u00adter meiner Bilder genau wei\u00dft, woran du bist, m\u00f6chte ich hier offen dar\u00adle\u00adgen, wie ich mit diesem Thema umgehe. Was ich ein\u00adset\u00adze: In meinem Bear\u00adbei\u00adtungs\u00adwork\u00adflow nutze ich KI-gest\u00fct\u00adz\u00ad\u00adte Funk\u00adtio\u00adnen, die inzwi\u00adschen untrenn\u00adbar Teil pro\u00adfes\u00adsio\u00adnel\u00adler Bild\u00adbe\u00adar\u00adbei\u00adtungs\u00adsoft\u00adware wie Adobe Ligh\u00adt\u00adroom, Pho\u00adto\u00adshop oder Topaz Photo&nbsp;sind. Dazu z\u00e4hlen zum Bei\u00adspiel: Diese Funk\u00adtio\u00adnen erset\u00adzen im Grunde nur m\u00fch\u00adsa\u00adme manu\u00adel\u00adle Arbeits\u00adschrit\u00adte, die fr\u00fcher per Hand mit Pinsel- oder Ver\u00adlaufs\u00adwerk\u00adzeu\u00adgen erle\u00addigt wurden. Sie ver\u00ad\u00e4n\u00addern nicht den Bild\u00adin\u00adhalt, son\u00addern erleich\u00adtern ledig\u00adlich, wo und wie ich klas\u00adsi\u00adsche Anpas\u00adsun\u00adgen wie Belich\u00adtung, Kon\u00adtrast oder Sch\u00e4r\u00adfe vor\u00adneh\u00adme. Was ich nicht ein\u00adset\u00adze: Ich ver\u00adwen\u00adde keine gene\u00adra\u00adti\u00adve KI,&nbsp;um: Mein Anspruch: Jedes Bild, das du auf dieser Web\u00adsei\u00adte siehst, zeigt eine Szene, die ich tat\u00ads\u00e4ch\u00adlich mit meiner Kamera foto\u00adgra\u00adfiert habe. Die Nach\u00adbe\u00adar\u00adbei\u00adtung folgt den\u00adsel\u00adben Grund\u00ads\u00e4t\u00adzen, die schon vor dem Auf\u00adkom\u00admen KI-gest\u00fct\u00adz\u00ad\u00adter Werk\u00adzeu\u00adge galten: Opti\u00admie\u00adrung von Licht, Farbe und Kon\u00adtrast \u2013 nicht Erschaf\u00adfung neuer Bild\u00adrea\u00adli\u00adt\u00e4\u00adten. Jeden Text, den du auf dieser Web\u00adsei\u00adte liest, habe ich selbst ver\u00adfasst und h\u00f6chs\u00adtens in Aus\u00adz\u00fc\u00adgen aus ande\u00adren Quel\u00adlen kopiert. Diese Zitate werden dann aber stets gut kennt\u00adlich gemacht. KI kommt hier h\u00f6chs\u00adten bei der Recht\u00adschreib\u00adkor\u00adrek\u00adtur zum Ein\u00adsatz, wobei ich mir auch hier keine kom\u00adplet\u00adten For\u00admu\u00adlie\u00adrun\u00adgen von der KI vor\u00adschla\u00adgen&nbsp;lasse. Soll\u00adtest du Fragen zur Ent\u00adste\u00adhung eines bestimm\u00adten Bildes oder eines bestimm\u00adten Textes haben, melde dich gerne jeder\u00adzeit bei mir. Und den ganz Ungl\u00e4u\u00adbi\u00adgen zeige ich auch stets gerne eine RAW-Datei von meinen fer\u00adti\u00adgen Motiven&nbsp;;-)<\/p>\n","protected":false},"author":1,"featured_media":0,"parent":0,"menu_order":0,"comment_status":"closed","ping_status":"closed","template":"","meta":{"wp_typography_post_enhancements_disabled":false,"footnotes":""},"class_list":["post-16829","page","type-page","status-publish","hentry"],"yoast_head":"<!-- This site is optimized with the Yoast SEO plugin v28.4 - https:\/\/yoast.com\/product\/yoast-seo-wordpress\/ -->\n<title>K\u00fcnstliche Intelligenz - Maic Schulte<\/title>\n<meta name=\"robots\" content=\"index, follow, max-snippet:-1, max-image-preview:large, max-video-preview:-1\" \/>\n<link rel=\"canonical\" href=\"https:\/\/www.maicschulte.de\/wordpress\/?page_id=16829\" \/>\n<meta property=\"og:locale\" content=\"de_DE\" \/>\n<meta property=\"og:type\" content=\"article\" \/>\n<meta property=\"og:title\" content=\"K\u00fcnstliche Intelligenz - Maic Schulte\" \/>\n<meta property=\"og:description\" content=\"Dies ist ein Trans\u00adpa\u00adrenz-Hin\u00adweis in eige\u00adner Sache, bez\u00fcg\u00adlich der Bild\u00adbe\u00adar\u00adbei\u00adtung, den Texten auf dieser Seite und der Ver\u00adwen\u00addung von K\u00fcnst\u00adli\u00adcher Intelligenz. Immer mehr Soft\u00adware zur Foto\u00adbe\u00adar\u00adbei\u00adtung inte\u00adgriert Funk\u00adtio\u00adnen, die auf K\u00fcnst\u00adli\u00adcher Intel\u00adli\u00adgenz basie\u00adren. Damit du als Betrach\u00adter meiner Bilder genau wei\u00dft, woran du bist, m\u00f6chte ich hier offen dar\u00adle\u00adgen, wie ich mit diesem Thema umgehe. Was ich einsetze: In meinem Bear\u00adbei\u00adtungs\u00adwork\u00adflow nutze ich KI-gest\u00fctz\u00adte Funk\u00adtio\u00adnen, die inzwi\u00adschen untrenn\u00adbar Teil pro\u00adfes\u00adsio\u00adnel\u00adler Bild\u00adbe\u00adar\u00adbei\u00adtungs\u00adsoft\u00adware wie Adobe Ligh\u00adt\u00adroom, Pho\u00adto\u00adshop oder Topaz Photo&nbsp;sind. Dazu z\u00e4hlen zum Beispiel: Diese Funk\u00adtio\u00adnen erset\u00adzen im Grunde nur m\u00fch\u00adsa\u00adme manu\u00adel\u00adle Arbeits\u00adschrit\u00adte, die fr\u00fcher per Hand mit Pinsel- oder Ver\u00adlaufs\u00adwerk\u00adzeu\u00adgen erle\u00addigt wurden. Sie ver\u00ad\u00e4n\u00addern nicht den Bild\u00adin\u00adhalt, son\u00addern erleich\u00adtern ledig\u00adlich, wo und wie ich klas\u00adsi\u00adsche Anpas\u00adsun\u00adgen wie Belich\u00adtung, Kon\u00adtrast oder Sch\u00e4r\u00adfe vornehme. Was ich nicht einsetze: Ich ver\u00adwen\u00adde keine gene\u00adra\u00adti\u00adve KI,&nbsp;um: Mein Anspruch: Jedes Bild, das du auf dieser Web\u00adsei\u00adte siehst, zeigt eine Szene, die ich tat\u00ads\u00e4ch\u00adlich mit meiner Kamera foto\u00adgra\u00adfiert habe. Die Nach\u00adbe\u00adar\u00adbei\u00adtung folgt den\u00adsel\u00adben Grund\u00ads\u00e4t\u00adzen, die schon vor dem Auf\u00adkom\u00admen KI-gest\u00fctz\u00adter Werk\u00adzeu\u00adge galten: Opti\u00admie\u00adrung von Licht, Farbe und Kon\u00adtrast \u2013 nicht Erschaf\u00adfung neuer Bildrealit\u00e4ten. Jeden Text, den du auf dieser Web\u00adsei\u00adte liest, habe ich selbst ver\u00adfasst und h\u00f6chs\u00adtens in Aus\u00adz\u00fc\u00adgen aus ande\u00adren Quel\u00adlen kopiert. Diese Zitate werden dann aber stets gut kennt\u00adlich gemacht. KI kommt hier h\u00f6chs\u00adten bei der Recht\u00adschreib\u00adkor\u00adrek\u00adtur zum Ein\u00adsatz, wobei ich mir auch hier keine kom\u00adplet\u00adten For\u00admu\u00adlie\u00adrun\u00adgen von der KI vor\u00adschla\u00adgen&nbsp;lasse. Soll\u00adtest du Fragen zur Ent\u00adste\u00adhung eines bestimm\u00adten Bildes oder eines bestimm\u00adten Textes haben, melde dich gerne jeder\u00adzeit bei mir. Und den ganz Ungl\u00e4u\u00adbi\u00adgen zeige ich auch stets gerne eine RAW-Datei von meinen fer\u00adti\u00adgen Motiven&nbsp;;-)\" \/>\n<meta property=\"og:url\" content=\"https:\/\/www.maicschulte.de\/wordpress\/?page_id=16829\" \/>\n<meta property=\"og:site_name\" content=\"Maic Schulte\" \/>\n<meta property=\"article:modified_time\" content=\"2026-09-04T13:24:45+00:00\" \/>\n<script type=\"application\/ld+json\" class=\"yoast-schema-graph\">{\"@context\":\"https:\\\/\\\/schema.org\",\"@graph\":[{\"@type\":\"WebPage\",\"@id\":\"https:\\\/\\\/www.maicschulte.de\\\/wordpress\\\/?page_id=16829\",\"url\":\"https:\\\/\\\/www.maicschulte.de\\\/wordpress\\\/?page_id=16829\",\"name\":\"K\u00fcnstliche Intelligenz - Maic Schulte\",\"isPartOf\":{\"@id\":\"https:\\\/\\\/www.maicschulte.de\\\/wordpress\\\/#website\"},\"datePublished\":\"2026-09-04T12:55:16+00:00\",\"dateModified\":\"2026-09-04T13:24:45+00:00\",\"breadcrumb\":{\"@id\":\"https:\\\/\\\/www.maicschulte.de\\\/wordpress\\\/?page_id=16829#breadcrumb\"},\"inLanguage\":\"de\",\"potentialAction\":[{\"@type\":\"ReadAction\",\"target\":[\"https:\\\/\\\/www.maicschulte.de\\\/wordpress\\\/?page_id=16829\"]}]},{\"@type\":\"BreadcrumbList\",\"@id\":\"https:\\\/\\\/www.maicschulte.de\\\/wordpress\\\/?page_id=16829#breadcrumb\",\"itemListElement\":[{\"@type\":\"ListItem\",\"position\":1,\"name\":\"Startseite\",\"item\":\"https:\\\/\\\/www.maicschulte.de\\\/wordpress\"},{\"@type\":\"ListItem\",\"position\":2,\"name\":\"K\u00fcnstliche Intelligenz\"}]},{\"@type\":\"WebSite\",\"@id\":\"https:\\\/\\\/www.maicschulte.de\\\/wordpress\\\/#website\",\"url\":\"https:\\\/\\\/www.maicschulte.de\\\/wordpress\\\/\",\"name\":\"Maic Schulte\",\"description\":\"Fotografie aus Leidenschaft\",\"publisher\":{\"@id\":\"https:\\\/\\\/www.maicschulte.de\\\/wordpress\\\/#\\\/schema\\\/person\\\/809698f1c7b1655959515001723d716e\"},\"potentialAction\":[{\"@type\":\"SearchAction\",\"target\":{\"@type\":\"EntryPoint\",\"urlTemplate\":\"https:\\\/\\\/www.maicschulte.de\\\/wordpress\\\/?s={search_term_string}\"},\"query-input\":{\"@type\":\"PropertyValueSpecification\",\"valueRequired\":true,\"valueName\":\"search_term_string\"}}],\"inLanguage\":\"de\"},{\"@type\":[\"Person\",\"Organization\"],\"@id\":\"https:\\\/\\\/www.maicschulte.de\\\/wordpress\\\/#\\\/schema\\\/person\\\/809698f1c7b1655959515001723d716e\",\"name\":\"Maic Schulte\",\"image\":{\"@type\":\"ImageObject\",\"inLanguage\":\"de\",\"@id\":\"https:\\\/\\\/www.maicschulte.de\\\/wordpress\\\/wp-content\\\/uploads\\\/2025\\\/05\\\/Chronus_Maic_Schulte_Logo_605px-3.png\",\"url\":\"https:\\\/\\\/www.maicschulte.de\\\/wordpress\\\/wp-content\\\/uploads\\\/2025\\\/05\\\/Chronus_Maic_Schulte_Logo_605px-3.png\",\"contentUrl\":\"https:\\\/\\\/www.maicschulte.de\\\/wordpress\\\/wp-content\\\/uploads\\\/2025\\\/05\\\/Chronus_Maic_Schulte_Logo_605px-3.png\",\"width\":605,\"height\":200,\"caption\":\"Maic Schulte\"},\"logo\":{\"@id\":\"https:\\\/\\\/www.maicschulte.de\\\/wordpress\\\/wp-content\\\/uploads\\\/2025\\\/05\\\/Chronus_Maic_Schulte_Logo_605px-3.png\"},\"description\":\"Seit dem Tag, an dem mein Vater mich mit einer Kamera, einem Objektiv und zwei Illford-Schwarzwei\u00df-Filmen auf Entdeckungs-Tour geschickt hat, begleitet mich das Thema \\\"Fotografie\\\". Basierend auf WordPress, stellt diese Webseite - jetzt und in der Zukunft - eine Heimat f\u00fcr all meine Artikel und Fotos dar, welche wiederum aus allen Themenbereichen der klassischen &amp; modernen Fotografie kommen. Sei es nun die Fotografie in Schwarz-Wei\u00df; die Erkundung ehemaliger Industriegel\u00e4nde, welche f\u00fcr mich am ehesten \u201eDas Herz des Reviers\u201c widerspiegeln; ausdrucksstarke Portraits oder farbenfrohe Naturaufnahmen. Ganz egal! Es gelingt einfach jedem fotografischen Thema, meine Neugierde darauf zu erwecken. Dar\u00fcber hinaus habe ich aber auch ein ger\u00fctteltes Ma\u00df an Benzin im Blut und mag Autos &amp; Motorr\u00e4der, ganz egal ob nun neu, alt, aufgemotzt oder vollkommen original. Du siehst, die Auswahl an Artikeln &amp; Fotos ist also genauso breit gef\u00e4chert wie meine fotografischen Interessen.\",\"sameAs\":[\"https:\\\/\\\/www.maicschulte.de\"]}]}<\/script>\n<!-- \/ Yoast SEO plugin. -->","yoast_head_json":{"title":"K\u00fcnstliche Intelligenz - Maic Schulte","robots":{"index":"index","follow":"follow","max-snippet":"max-snippet:-1","max-image-preview":"max-image-preview:large","max-video-preview":"max-video-preview:-1"},"canonical":"https:\/\/www.maicschulte.de\/wordpress\/?page_id=16829","og_locale":"de_DE","og_type":"article","og_title":"K\u00fcnstliche Intelligenz - Maic Schulte","og_description":"Dies ist ein Trans\u00adpa\u00adrenz-Hin\u00adweis in eige\u00adner Sache, bez\u00fcg\u00adlich der Bild\u00adbe\u00adar\u00adbei\u00adtung, den Texten auf dieser Seite und der Ver\u00adwen\u00addung von K\u00fcnst\u00adli\u00adcher Intelligenz. Immer mehr Soft\u00adware zur Foto\u00adbe\u00adar\u00adbei\u00adtung inte\u00adgriert Funk\u00adtio\u00adnen, die auf K\u00fcnst\u00adli\u00adcher Intel\u00adli\u00adgenz basie\u00adren. Damit du als Betrach\u00adter meiner Bilder genau wei\u00dft, woran du bist, m\u00f6chte ich hier offen dar\u00adle\u00adgen, wie ich mit diesem Thema umgehe. Was ich einsetze: In meinem Bear\u00adbei\u00adtungs\u00adwork\u00adflow nutze ich KI-gest\u00fctz\u00adte Funk\u00adtio\u00adnen, die inzwi\u00adschen untrenn\u00adbar Teil pro\u00adfes\u00adsio\u00adnel\u00adler Bild\u00adbe\u00adar\u00adbei\u00adtungs\u00adsoft\u00adware wie Adobe Ligh\u00adt\u00adroom, Pho\u00adto\u00adshop oder Topaz Photo&nbsp;sind. Dazu z\u00e4hlen zum Beispiel: Diese Funk\u00adtio\u00adnen erset\u00adzen im Grunde nur m\u00fch\u00adsa\u00adme manu\u00adel\u00adle Arbeits\u00adschrit\u00adte, die fr\u00fcher per Hand mit Pinsel- oder Ver\u00adlaufs\u00adwerk\u00adzeu\u00adgen erle\u00addigt wurden. Sie ver\u00ad\u00e4n\u00addern nicht den Bild\u00adin\u00adhalt, son\u00addern erleich\u00adtern ledig\u00adlich, wo und wie ich klas\u00adsi\u00adsche Anpas\u00adsun\u00adgen wie Belich\u00adtung, Kon\u00adtrast oder Sch\u00e4r\u00adfe vornehme. Was ich nicht einsetze: Ich ver\u00adwen\u00adde keine gene\u00adra\u00adti\u00adve KI,&nbsp;um: Mein Anspruch: Jedes Bild, das du auf dieser Web\u00adsei\u00adte siehst, zeigt eine Szene, die ich tat\u00ads\u00e4ch\u00adlich mit meiner Kamera foto\u00adgra\u00adfiert habe. Die Nach\u00adbe\u00adar\u00adbei\u00adtung folgt den\u00adsel\u00adben Grund\u00ads\u00e4t\u00adzen, die schon vor dem Auf\u00adkom\u00admen KI-gest\u00fctz\u00adter Werk\u00adzeu\u00adge galten: Opti\u00admie\u00adrung von Licht, Farbe und Kon\u00adtrast \u2013 nicht Erschaf\u00adfung neuer Bildrealit\u00e4ten. Jeden Text, den du auf dieser Web\u00adsei\u00adte liest, habe ich selbst ver\u00adfasst und h\u00f6chs\u00adtens in Aus\u00adz\u00fc\u00adgen aus ande\u00adren Quel\u00adlen kopiert. Diese Zitate werden dann aber stets gut kennt\u00adlich gemacht. KI kommt hier h\u00f6chs\u00adten bei der Recht\u00adschreib\u00adkor\u00adrek\u00adtur zum Ein\u00adsatz, wobei ich mir auch hier keine kom\u00adplet\u00adten For\u00admu\u00adlie\u00adrun\u00adgen von der KI vor\u00adschla\u00adgen&nbsp;lasse. Soll\u00adtest du Fragen zur Ent\u00adste\u00adhung eines bestimm\u00adten Bildes oder eines bestimm\u00adten Textes haben, melde dich gerne jeder\u00adzeit bei mir. Und den ganz Ungl\u00e4u\u00adbi\u00adgen zeige ich auch stets gerne eine RAW-Datei von meinen fer\u00adti\u00adgen Motiven&nbsp;;-)","og_url":"https:\/\/www.maicschulte.de\/wordpress\/?page_id=16829","og_site_name":"Maic Schulte","article_modified_time":"2026-09-04T13:24:45+00:00","schema":{"@context":"https:\/\/schema.org","@graph":[{"@type":"WebPage","@id":"https:\/\/www.maicschulte.de\/wordpress\/?page_id=16829","url":"https:\/\/www.maicschulte.de\/wordpress\/?page_id=16829","name":"K\u00fcnstliche Intelligenz - Maic Schulte","isPartOf":{"@id":"https:\/\/www.maicschulte.de\/wordpress\/#website"},"datePublished":"2026-09-04T12:55:16+00:00","dateModified":"2026-09-04T13:24:45+00:00","breadcrumb":{"@id":"https:\/\/www.maicschulte.de\/wordpress\/?page_id=16829#breadcrumb"},"inLanguage":"de","potentialAction":[{"@type":"ReadAction","target":["https:\/\/www.maicschulte.de\/wordpress\/?page_id=16829"]}]},{"@type":"BreadcrumbList","@id":"https:\/\/www.maicschulte.de\/wordpress\/?page_id=16829#breadcrumb","itemListElement":[{"@type":"ListItem","position":1,"name":"Startseite","item":"https:\/\/www.maicschulte.de\/wordpress"},{"@type":"ListItem","position":2,"name":"K\u00fcnstliche Intelligenz"}]},{"@type":"WebSite","@id":"https:\/\/www.maicschulte.de\/wordpress\/#website","url":"https:\/\/www.maicschulte.de\/wordpress\/","name":"Maic Schulte","description":"Fotografie aus Leidenschaft","publisher":{"@id":"https:\/\/www.maicschulte.de\/wordpress\/#\/schema\/person\/809698f1c7b1655959515001723d716e"},"potentialAction":[{"@type":"SearchAction","target":{"@type":"EntryPoint","urlTemplate":"https:\/\/www.maicschulte.de\/wordpress\/?s={search_term_string}"},"query-input":{"@type":"PropertyValueSpecification","valueRequired":true,"valueName":"search_term_string"}}],"inLanguage":"de"},{"@type":["Person","Organization"],"@id":"https:\/\/www.maicschulte.de\/wordpress\/#\/schema\/person\/809698f1c7b1655959515001723d716e","name":"Maic Schulte","image":{"@type":"ImageObject","inLanguage":"de","@id":"https:\/\/www.maicschulte.de\/wordpress\/wp-content\/uploads\/2025\/05\/Chronus_Maic_Schulte_Logo_605px-3.png","url":"https:\/\/www.maicschulte.de\/wordpress\/wp-content\/uploads\/2025\/05\/Chronus_Maic_Schulte_Logo_605px-3.png","contentUrl":"https:\/\/www.maicschulte.de\/wordpress\/wp-content\/uploads\/2025\/05\/Chronus_Maic_Schulte_Logo_605px-3.png","width":605,"height":200,"caption":"Maic Schulte"},"logo":{"@id":"https:\/\/www.maicschulte.de\/wordpress\/wp-content\/uploads\/2025\/05\/Chronus_Maic_Schulte_Logo_605px-3.png"},"description":"Seit dem Tag, an dem mein Vater mich mit einer Kamera, einem Objektiv und zwei Illford-Schwarzwei\u00df-Filmen auf Entdeckungs-Tour geschickt hat, begleitet mich das Thema \"Fotografie\". Basierend auf WordPress, stellt diese Webseite - jetzt und in der Zukunft - eine Heimat f\u00fcr all meine Artikel und Fotos dar, welche wiederum aus allen Themenbereichen der klassischen &amp; modernen Fotografie kommen. Sei es nun die Fotografie in Schwarz-Wei\u00df; die Erkundung ehemaliger Industriegel\u00e4nde, welche f\u00fcr mich am ehesten \u201eDas Herz des Reviers\u201c widerspiegeln; ausdrucksstarke Portraits oder farbenfrohe Naturaufnahmen. Ganz egal! Es gelingt einfach jedem fotografischen Thema, meine Neugierde darauf zu erwecken. Dar\u00fcber hinaus habe ich aber auch ein ger\u00fctteltes Ma\u00df an Benzin im Blut und mag Autos &amp; Motorr\u00e4der, ganz egal ob nun neu, alt, aufgemotzt oder vollkommen original. Du siehst, die Auswahl an Artikeln &amp; Fotos ist also genauso breit gef\u00e4chert wie meine fotografischen Interessen.","sameAs":["https:\/\/www.maicschulte.de"]}]}},"_links":{"self":[{"href":"https:\/\/www.maicschulte.de\/wordpress\/index.php?rest_route=\/wp\/v2\/pages\/16829","targetHints":{"allow":["GET"]}}],"collection":[{"href":"https:\/\/www.maicschulte.de\/wordpress\/index.php?rest_route=\/wp\/v2\/pages"}],"about":[{"href":"https:\/\/www.maicschulte.de\/wordpress\/index.php?rest_route=\/wp\/v2\/types\/page"}],"author":[{"embeddable":true,"href":"https:\/\/www.maicschulte.de\/wordpress\/index.php?rest_route=\/wp\/v2\/users\/1"}],"replies":[{"embeddable":true,"href":"https:\/\/www.maicschulte.de\/wordpress\/index.php?rest_route=%2Fwp%2Fv2%2Fcomments&post=16829"}],"version-history":[{"count":7,"href":"https:\/\/www.maicschulte.de\/wordpress\/index.php?rest_route=\/wp\/v2\/pages\/16829\/revisions"}],"predecessor-version":[{"id":16837,"href":"https:\/\/www.maicschulte.de\/wordpress\/index.php?rest_route=\/wp\/v2\/pages\/16829\/revisions\/16837"}],"wp:attachment":[{"href":"https:\/\/www.maicschulte.de\/wordpress\/index.php?rest_route=%2Fwp%2Fv2%2Fmedia&parent=16829"}],"curies":[{"name":"wp","href":"https:\/\/api.w.org\/{rel}","templated":true}]}}